{"id":5716,"date":"2025-05-28T15:03:08","date_gmt":"2025-05-28T20:03:08","guid":{"rendered":"https:\/\/mayramartell.com.mx.mx\/?page_id=5716"},"modified":"2025-05-28T15:24:11","modified_gmt":"2025-05-28T20:24:11","slug":"series-fotograficas","status":"publish","type":"page","link":"https:\/\/mayramartell.com\/en\/series-fotograficas\/","title":{"rendered":"Series fotogr\u00e1ficas"},"content":{"rendered":"<div data-elementor-type=\"wp-page\" data-elementor-id=\"5716\" class=\"elementor elementor-5716\">\n\t\t\t\t<div class=\"elementor-element elementor-element-79d72e2 e-con-full e-flex e-con e-parent\" data-id=\"79d72e2\" data-element_type=\"container\">\n\t\t\t\t<div class=\"elementor-element elementor-element-cfa036a elementor-widget elementor-widget-portfolio-grid\" data-id=\"cfa036a\" data-element_type=\"widget\" data-widget_type=\"portfolio-grid.default\">\n\t\t\t\t<div class=\"elementor-widget-container\">\n\t\t\t\t\t<div class=\"gridblock-filter-select-wrap\"><div id=\"gridblock-filters\"><ul class=\"gridblock-filter-categories\"><li class=\"filter-all-control\"><a data-filter=\"*\" data-title=\"Todos\" href=\"#\"><span class=\"filter-seperator filter-seperator-all\"><\/span>Todos<\/a><\/li><li  class=\"filter-control filter-category-control filter-africa filter-control-africa\"><a data-filter=\".filter-49\" data-title=\"\u00c1frica\" href=\"#\"><span class=\"filter-seperator filter-seperator-main\"><\/span>\u00c1frica<\/a><\/li><li  class=\"filter-control filter-category-control filter-argentina filter-control-argentina\"><a data-filter=\".filter-57\" data-title=\"Argentina\" href=\"#\"><span class=\"filter-seperator filter-seperator-main\"><\/span>Argentina<\/a><\/li><li  class=\"filter-control filter-category-control filter-brasil filter-control-brasil\"><a data-filter=\".filter-55\" data-title=\"Brasil\" href=\"#\"><span class=\"filter-seperator filter-seperator-main\"><\/span>Brasil<\/a><\/li><li  class=\"filter-control filter-category-control filter-ciudad-juarez filter-control-ciudad-juarez\"><a data-filter=\".filter-45\" data-title=\"Ciudad Ju\u00e1rez\" href=\"#\"><span class=\"filter-seperator filter-seperator-main\"><\/span>Ciudad Ju\u00e1rez<\/a><\/li><li  class=\"filter-control filter-category-control filter-colombia filter-control-colombia\"><a data-filter=\".filter-48\" data-title=\"Colombia\" href=\"#\"><span class=\"filter-seperator filter-seperator-main\"><\/span>Colombia<\/a><\/li><li  class=\"filter-control filter-category-control filter-cuba filter-control-cuba\"><a data-filter=\".filter-54\" data-title=\"Cuba\" href=\"#\"><span class=\"filter-seperator filter-seperator-main\"><\/span>Cuba<\/a><\/li><li  class=\"filter-control filter-category-control filter-mexico filter-control-mexico\"><a data-filter=\".filter-53\" data-title=\"M\u00e9xico\" href=\"#\"><span class=\"filter-seperator filter-seperator-main\"><\/span>M\u00e9xico<\/a><\/li><li  class=\"filter-control filter-category-control filter-nueva-york filter-control-nueva-york\"><a data-filter=\".filter-51\" data-title=\"Nueva York\" href=\"#\"><span class=\"filter-seperator filter-seperator-main\"><\/span>Nueva York<\/a><\/li><li  class=\"filter-control filter-category-control filter-paraguay filter-control-paraguay\"><a data-filter=\".filter-56\" data-title=\"Paraguay\" href=\"#\"><span class=\"filter-seperator filter-seperator-main\"><\/span>Paraguay<\/a><\/li><li  class=\"filter-control filter-category-control filter-peru filter-control-peru\"><a data-filter=\".filter-50\" data-title=\"Per\u00fa\" href=\"#\"><span class=\"filter-seperator filter-seperator-main\"><\/span>Per\u00fa<\/a><\/li><li  class=\"filter-control filter-category-control filter-sinaloa filter-control-sinaloa\"><a data-filter=\".filter-46\" data-title=\"Sinaloa\" href=\"#\"><span class=\"filter-seperator filter-seperator-main\"><\/span>Sinaloa<\/a><\/li><li  class=\"filter-control filter-category-control filter-venezuela filter-control-venezuela\"><a data-filter=\".filter-47\" data-title=\"Venezuela\" href=\"#\"><span class=\"filter-seperator filter-seperator-main\"><\/span>Venezuela<\/a><\/li><\/ul><\/div><\/div><div class=\"portfolio-grid-container lightgallery-container portfolio-gridblock-columns-wrap\"><div id=\"gridblock-container\" class=\"portfolio-gutter-spaced    boxtitle-active has-effect-blur grid-style-wall-spaced gridblock-three clearfix\" data-columns=\"3\"><div class=\"gridblock-element grid-animate-display-all isotope-displayed gridblock-element-id-5882 gridblock-element-order-1  gridblock-filterable filter-53\" data-portfolio=\"portfolio-5882\" data-id=\"id-2\"><div class=\"gridblock-grid-element gridblock-element-inner\" data-portfolioid=\"5882\"><div class=\"gridblock-background-hover\"><a  class=\"gridblock-sole-link\" href=\"https:\/\/mayramartell.com\/en\/proyectos\/el-acto-de-extranar\/\"><div class=\"gridblock-links-wrap box-title-box-directlink\"><\/div><div class=\"boxtitle-hover\"><div class=\"work-details\"><div class=\"worktype-categories\">M\u00e9xico<\/div><h4>El acto de extra\u00f1ar<\/h4><p class=\"entry-content work-description\"><\/p><\/div><\/div><\/a><\/div><img decoding=\"async\" src=\"https:\/\/mayramartell.com\/wp-content\/themes\/blacksilver\/images\/placeholders\/placeholder-770x550.gif\" data-src=\"https:\/\/mayramartell.com\/wp-content\/uploads\/2025\/10\/el-acto-de-extranar-cd-juarez-770x550.jpg\" alt=\"El acto de extra\u00f1ar - Cd Ju\u00e1rez - Mayra Martell\" class=\"displayed-image lazyload\"\/><\/div><\/div><div class=\"gridblock-element grid-animate-display-all isotope-displayed gridblock-element-id-6986 gridblock-element-order-2  gridblock-filterable filter-53\" data-portfolio=\"portfolio-6986\" data-id=\"id-3\"><div class=\"gridblock-grid-element gridblock-element-inner\" data-portfolioid=\"6986\"><div class=\"gridblock-background-hover\"><a  class=\"gridblock-sole-link\" href=\"https:\/\/mayramartell.com\/en\/proyectos\/anapra-laboratorios\/\"><div class=\"gridblock-links-wrap box-title-box-directlink\"><\/div><div class=\"boxtitle-hover\"><div class=\"work-details\"><div class=\"worktype-categories\">M\u00e9xico<\/div><h4>Anapra<\/h4><p class=\"entry-content work-description\"><\/p><\/div><\/div><\/a><\/div><img decoding=\"async\" src=\"https:\/\/mayramartell.com\/wp-content\/themes\/blacksilver\/images\/placeholders\/placeholder-770x550.gif\" data-src=\"https:\/\/mayramartell.com\/wp-content\/uploads\/2025\/10\/anapra-cd-juarez-770x550.jpg\" alt=\"ANAPRA - Cd Ju\u00e1rez - Mayra Martell\" class=\"displayed-image lazyload\"\/><\/div><\/div><div class=\"gridblock-element grid-animate-display-all isotope-displayed gridblock-element-id-5772 gridblock-element-order-3  gridblock-filterable filter-53\" data-portfolio=\"portfolio-5772\" data-id=\"id-4\"><div class=\"gridblock-grid-element gridblock-element-inner\" data-portfolioid=\"5772\"><div class=\"gridblock-background-hover\"><a  class=\"gridblock-sole-link\" href=\"https:\/\/mayramartell.com\/en\/proyectos\/ciudad-juarez\/\"><div class=\"gridblock-links-wrap box-title-box-directlink\"><\/div><div class=\"boxtitle-hover\"><div class=\"work-details\"><div class=\"worktype-categories\">M\u00e9xico<\/div><h4>Ciudad Ju\u00e1rez<\/h4><p class=\"entry-content work-description\"><\/p><\/div><\/div><\/a><\/div><img decoding=\"async\" src=\"https:\/\/mayramartell.com\/wp-content\/themes\/blacksilver\/images\/placeholders\/placeholder-770x550.gif\" data-src=\"https:\/\/mayramartell.com\/wp-content\/uploads\/2025\/03\/portada-bordertown-ciudad-juarez-770x550.jpg\" alt=\"Ciudad Ju\u00e1rez - Mayra Martell\" class=\"displayed-image lazyload\"\/><\/div><\/div><div class=\"gridblock-element grid-animate-display-all isotope-displayed gridblock-element-id-3098 gridblock-element-order-4  gridblock-filterable filter-45 filter-53\" data-portfolio=\"portfolio-3098\" data-id=\"id-5\"><div class=\"gridblock-grid-element gridblock-element-inner\" data-portfolioid=\"3098\"><div class=\"gridblock-background-hover\"><a  class=\"gridblock-sole-link\" href=\"https:\/\/mayramartell.com\/en\/proyectos\/bordertown-ciudad-juarez\/\"><div class=\"gridblock-links-wrap box-title-box-directlink\"><\/div><div class=\"boxtitle-hover\"><div class=\"work-details\"><div class=\"worktype-categories\">Ciudad Ju\u00e1rez<\/div><h4>Bordertown<\/h4><p class=\"entry-content work-description\"><\/p><\/div><\/div><\/a><\/div><img decoding=\"async\" src=\"https:\/\/mayramartell.com\/wp-content\/themes\/blacksilver\/images\/placeholders\/placeholder-770x550.gif\" data-src=\"https:\/\/mayramartell.com\/wp-content\/uploads\/2025\/03\/bordertown-ciudad-juarez-770x550.jpg\" alt=\"Bordertown Ciudad Ju\u00e1rez - Fotograf\u00eda Mayra Martell\" class=\"displayed-image lazyload\"\/><\/div><\/div><div class=\"gridblock-element grid-animate-display-all isotope-displayed gridblock-element-id-3802 gridblock-element-order-5  gridblock-filterable filter-45 filter-53\" data-portfolio=\"portfolio-3802\" data-id=\"id-6\"><div class=\"gridblock-grid-element gridblock-element-inner\" data-portfolioid=\"3802\"><div class=\"gridblock-background-hover\"><a  class=\"gridblock-sole-link\" href=\"https:\/\/mayramartell.com\/en\/proyectos\/breaking-down-ciudad-juarez\/\"><div class=\"gridblock-links-wrap box-title-box-directlink\"><\/div><div class=\"boxtitle-hover\"><div class=\"work-details\"><div class=\"worktype-categories\">Ciudad Ju\u00e1rez<\/div><h4>Breaking down<\/h4><p class=\"entry-content work-description\"><\/p><\/div><\/div><\/a><\/div><img decoding=\"async\" src=\"https:\/\/mayramartell.com\/wp-content\/themes\/blacksilver\/images\/placeholders\/placeholder-770x550.gif\" data-src=\"https:\/\/mayramartell.com\/wp-content\/uploads\/2025\/03\/breaking-down-ciudad-juarez-11-770x550.jpg\" alt=\"Breaking Down - Fotograf\u00eda por Mayra Martell\" class=\"displayed-image lazyload\"\/><\/div><\/div><div class=\"gridblock-element grid-animate-display-all isotope-displayed gridblock-element-id-4390 gridblock-element-order-6  gridblock-filterable filter-45 filter-53\" data-portfolio=\"portfolio-4390\" data-id=\"id-7\"><div class=\"gridblock-grid-element gridblock-element-inner\" data-portfolioid=\"4390\"><div class=\"gridblock-background-hover\"><a  class=\"gridblock-sole-link\" href=\"https:\/\/mayramartell.com\/en\/proyectos\/dummies-breaking-down-ciudad-juarez\/\"><div class=\"gridblock-links-wrap box-title-box-directlink\"><\/div><div class=\"boxtitle-hover\"><div class=\"work-details\"><div class=\"worktype-categories\">Ciudad Ju\u00e1rez<\/div><h4>Breaking down Dummies<\/h4><p class=\"entry-content work-description\"><\/p><\/div><\/div><\/a><\/div><img decoding=\"async\" src=\"https:\/\/mayramartell.com\/wp-content\/themes\/blacksilver\/images\/placeholders\/placeholder-770x550.gif\" data-src=\"https:\/\/mayramartell.com\/wp-content\/uploads\/2025\/03\/breaking-down-ciudad-juarez-11-770x550.jpg\" alt=\"Breaking Down - Fotograf\u00eda por Mayra Martell\" class=\"displayed-image lazyload\"\/><\/div><\/div><div class=\"gridblock-element grid-animate-display-all isotope-displayed gridblock-element-id-3912 gridblock-element-order-7  gridblock-filterable filter-45 filter-53\" data-portfolio=\"portfolio-3912\" data-id=\"id-8\"><div class=\"gridblock-grid-element gridblock-element-inner\" data-portfolioid=\"3912\"><div class=\"gridblock-background-hover\"><a  class=\"gridblock-sole-link\" href=\"https:\/\/mayramartell.com\/en\/proyectos\/retratos-ciudad-juarez\/\"><div class=\"gridblock-links-wrap box-title-box-directlink\"><\/div><div class=\"boxtitle-hover\"><div class=\"work-details\"><div class=\"worktype-categories\">Ciudad Ju\u00e1rez<\/div><h4>Border Portraits<\/h4><p class=\"entry-content work-description\"><\/p><\/div><\/div><\/a><\/div><img decoding=\"async\" src=\"https:\/\/mayramartell.com\/wp-content\/themes\/blacksilver\/images\/placeholders\/placeholder-770x550.gif\" data-src=\"https:\/\/mayramartell.com\/wp-content\/uploads\/2025\/03\/retratos-ciudad-juarez-08-770x550.jpg\" alt=\"Retratos - Ciudad Ju\u00e1rez - Mayra Martell\" class=\"displayed-image lazyload\"\/><\/div><\/div><div class=\"gridblock-element grid-animate-display-all isotope-displayed gridblock-element-id-5787 gridblock-element-order-8  gridblock-filterable filter-53 filter-46\" data-portfolio=\"portfolio-5787\" data-id=\"id-9\"><div class=\"gridblock-grid-element gridblock-element-inner\" data-portfolioid=\"5787\"><div class=\"gridblock-background-hover\"><a  class=\"gridblock-sole-link\" href=\"https:\/\/mayramartell.com\/en\/proyectos\/sinaloa\/\"><div class=\"gridblock-links-wrap box-title-box-directlink\"><\/div><div class=\"boxtitle-hover\"><div class=\"work-details\"><div class=\"worktype-categories\">M\u00e9xico<\/div><h4>Sinaloa<\/h4><p class=\"entry-content work-description\"><\/p><\/div><\/div><\/a><\/div><img decoding=\"async\" src=\"https:\/\/mayramartell.com\/wp-content\/themes\/blacksilver\/images\/placeholders\/placeholder-770x550.gif\" data-src=\"https:\/\/mayramartell.com\/wp-content\/uploads\/2025\/06\/sinaloa-portada-770x550.jpg\" alt=\"Sinaloa - Mayra Martell\" class=\"displayed-image lazyload\"\/><\/div><\/div><div class=\"gridblock-element grid-animate-display-all isotope-displayed gridblock-element-id-4088 gridblock-element-order-9  gridblock-filterable filter-53 filter-46\" data-portfolio=\"portfolio-4088\" data-id=\"id-10\"><div class=\"gridblock-grid-element gridblock-element-inner\" data-portfolioid=\"4088\"><div class=\"gridblock-background-hover\"><a  class=\"gridblock-sole-link\" href=\"https:\/\/mayramartell.com\/en\/proyectos\/culichitown-sinaloa\/\"><div class=\"gridblock-links-wrap box-title-box-directlink\"><\/div><div class=\"boxtitle-hover\"><div class=\"work-details\"><div class=\"worktype-categories\">M\u00e9xico<\/div><h4>Culichitown<\/h4><p class=\"entry-content work-description\"><\/p><\/div><\/div><\/a><\/div><img decoding=\"async\" src=\"https:\/\/mayramartell.com\/wp-content\/themes\/blacksilver\/images\/placeholders\/placeholder-770x550.gif\" data-src=\"https:\/\/mayramartell.com\/wp-content\/uploads\/2025\/04\/culichitown-01-770x550.jpg\" alt=\"Culichitown - Fotograf\u00eda por Mayra Martell\" class=\"displayed-image lazyload\"\/><\/div><\/div><div class=\"gridblock-element grid-animate-display-all isotope-displayed gridblock-element-id-4068 gridblock-element-order-10  gridblock-filterable filter-53 filter-46\" data-portfolio=\"portfolio-4068\" data-id=\"id-11\"><div class=\"gridblock-grid-element gridblock-element-inner\" data-portfolioid=\"4068\"><div class=\"gridblock-background-hover\"><a  class=\"gridblock-sole-link\" href=\"https:\/\/mayramartell.com\/en\/proyectos\/chulada-sinaloa\/\"><div class=\"gridblock-links-wrap box-title-box-directlink\"><\/div><div class=\"boxtitle-hover\"><div class=\"work-details\"><div class=\"worktype-categories\">M\u00e9xico<\/div><h4>Chulada<\/h4><p class=\"entry-content work-description\"><\/p><\/div><\/div><\/a><\/div><img decoding=\"async\" src=\"https:\/\/mayramartell.com\/wp-content\/themes\/blacksilver\/images\/placeholders\/placeholder-770x550.gif\" data-src=\"https:\/\/mayramartell.com\/wp-content\/uploads\/2025\/04\/chulada-06-770x550.jpg\" alt=\"Chulada - Fotograf\u00eda por Mayra Martell\" class=\"displayed-image lazyload\"\/><\/div><\/div><div class=\"gridblock-element grid-animate-display-all isotope-displayed gridblock-element-id-4103 gridblock-element-order-11  gridblock-filterable filter-53 filter-46\" data-portfolio=\"portfolio-4103\" data-id=\"id-12\"><div class=\"gridblock-grid-element gridblock-element-inner\" data-portfolioid=\"4103\"><div class=\"gridblock-background-hover\"><a  class=\"gridblock-sole-link\" href=\"https:\/\/mayramartell.com\/en\/proyectos\/gore-sinaloa\/\"><div class=\"gridblock-links-wrap box-title-box-directlink\"><\/div><div class=\"boxtitle-hover\"><div class=\"work-details\"><div class=\"worktype-categories\">M\u00e9xico<\/div><h4>Gore<\/h4><p class=\"entry-content work-description\"><\/p><\/div><\/div><\/a><\/div><img decoding=\"async\" src=\"https:\/\/mayramartell.com\/wp-content\/themes\/blacksilver\/images\/placeholders\/placeholder-770x550.gif\" data-src=\"https:\/\/mayramartell.com\/wp-content\/uploads\/2025\/04\/gore-01-1-770x550.jpg\" alt=\"Gore - Fotograf\u00eda por Mayra Martell\" class=\"displayed-image lazyload\"\/><\/div><\/div><div class=\"gridblock-element grid-animate-display-all isotope-displayed gridblock-element-id-4115 gridblock-element-order-12  gridblock-filterable filter-53 filter-46\" data-portfolio=\"portfolio-4115\" data-id=\"id-13\"><div class=\"gridblock-grid-element gridblock-element-inner\" data-portfolioid=\"4115\"><div class=\"gridblock-background-hover\"><a  class=\"gridblock-sole-link\" href=\"https:\/\/mayramartell.com\/en\/proyectos\/plebes-sinaloa\/\"><div class=\"gridblock-links-wrap box-title-box-directlink\"><\/div><div class=\"boxtitle-hover\"><div class=\"work-details\"><div class=\"worktype-categories\">M\u00e9xico<\/div><h4>Plebes<\/h4><p class=\"entry-content work-description\"><\/p><\/div><\/div><\/a><\/div><img decoding=\"async\" src=\"https:\/\/mayramartell.com\/wp-content\/themes\/blacksilver\/images\/placeholders\/placeholder-770x550.gif\" data-src=\"https:\/\/mayramartell.com\/wp-content\/uploads\/2025\/04\/01-770x550.jpg\" alt=\"Plebes - Fotograf\u00eda por Mayra Martell\" class=\"displayed-image lazyload\"\/><\/div><\/div><div class=\"gridblock-element grid-animate-display-all isotope-displayed gridblock-element-id-4130 gridblock-element-order-13  gridblock-filterable filter-53 filter-46\" data-portfolio=\"portfolio-4130\" data-id=\"id-14\"><div class=\"gridblock-grid-element gridblock-element-inner\" data-portfolioid=\"4130\"><div class=\"gridblock-background-hover\"><a  class=\"gridblock-sole-link\" href=\"https:\/\/mayramartell.com\/en\/proyectos\/beautifful-sinaloa\/\"><div class=\"gridblock-links-wrap box-title-box-directlink\"><\/div><div class=\"boxtitle-hover\"><div class=\"work-details\"><div class=\"worktype-categories\">M\u00e9xico<\/div><h4>Beautifful<\/h4><p class=\"entry-content work-description\"><\/p><\/div><\/div><\/a><\/div><img decoding=\"async\" src=\"https:\/\/mayramartell.com\/wp-content\/themes\/blacksilver\/images\/placeholders\/placeholder-770x550.gif\" data-src=\"https:\/\/mayramartell.com\/wp-content\/uploads\/2025\/04\/sinaloa-beautiful-770x550.jpg\" alt=\"Beautiful - Fotograf\u00eda por Mayra Martell\" class=\"displayed-image lazyload\"\/><\/div><\/div><div class=\"gridblock-element grid-animate-display-all isotope-displayed gridblock-element-id-4158 gridblock-element-order-14  gridblock-filterable filter-53 filter-46\" data-portfolio=\"portfolio-4158\" data-id=\"id-15\"><div class=\"gridblock-grid-element gridblock-element-inner\" data-portfolioid=\"4158\"><div class=\"gridblock-background-hover\"><a  class=\"gridblock-sole-link\" href=\"https:\/\/mayramartell.com\/en\/proyectos\/wild-hunting-sinaloa\/\"><div class=\"gridblock-links-wrap box-title-box-directlink\"><\/div><div class=\"boxtitle-hover\"><div class=\"work-details\"><div class=\"worktype-categories\">M\u00e9xico<\/div><h4>Wild Hunting<\/h4><p class=\"entry-content work-description\"><\/p><\/div><\/div><\/a><\/div><img decoding=\"async\" src=\"https:\/\/mayramartell.com\/wp-content\/themes\/blacksilver\/images\/placeholders\/placeholder-770x550.gif\" data-src=\"https:\/\/mayramartell.com\/wp-content\/uploads\/2025\/04\/wildhunting-01-770x550.jpg\" alt=\"Wild Hunting - Fotograf\u00eda por Mayra Martell\" class=\"displayed-image lazyload\"\/><\/div><\/div><div class=\"gridblock-element grid-animate-display-all isotope-displayed gridblock-element-id-4588 gridblock-element-order-15  gridblock-filterable filter-53\" data-portfolio=\"portfolio-4588\" data-id=\"id-16\"><div class=\"gridblock-grid-element gridblock-element-inner\" data-portfolioid=\"4588\"><div class=\"gridblock-background-hover\"><a  class=\"gridblock-sole-link\" href=\"https:\/\/mayramartell.com\/en\/proyectos\/el-acto-de-extranar-cd-juarez\/\"><div class=\"gridblock-links-wrap box-title-box-directlink\"><\/div><div class=\"boxtitle-hover\"><div class=\"work-details\"><div class=\"worktype-categories\">M\u00e9xico<\/div><h4>El acto de extra\u00f1ar<\/h4><p class=\"entry-content work-description\"><\/p><\/div><\/div><\/a><\/div><img decoding=\"async\" src=\"https:\/\/mayramartell.com\/wp-content\/themes\/blacksilver\/images\/placeholders\/placeholder-770x550.gif\" data-src=\"https:\/\/mayramartell.com\/wp-content\/uploads\/2025\/04\/el-acto-de-extranar-02-770x550.jpg\" alt=\"El acto de extra\u00f1ar - Fotograf\u00eda por Mayra Martell\" class=\"displayed-image lazyload\"\/><\/div><\/div><div class=\"gridblock-element grid-animate-display-all isotope-displayed gridblock-element-id-4652 gridblock-element-order-16  gridblock-filterable filter-53\" data-portfolio=\"portfolio-4652\" data-id=\"id-17\"><div class=\"gridblock-grid-element gridblock-element-inner\" data-portfolioid=\"4652\"><div class=\"gridblock-background-hover\"><a  class=\"gridblock-sole-link\" href=\"https:\/\/mayramartell.com\/en\/proyectos\/hotel-verde\/\"><div class=\"gridblock-links-wrap box-title-box-directlink\"><\/div><div class=\"boxtitle-hover\"><div class=\"work-details\"><div class=\"worktype-categories\">M\u00e9xico<\/div><h4>Hotel verde<\/h4><p class=\"entry-content work-description\"><\/p><\/div><\/div><\/a><\/div><img decoding=\"async\" src=\"https:\/\/mayramartell.com\/wp-content\/themes\/blacksilver\/images\/placeholders\/placeholder-770x550.gif\" data-src=\"https:\/\/mayramartell.com\/wp-content\/uploads\/2025\/04\/hotel-verde-770x550.jpg\" alt=\"Hotel Verde - Fotograf\u00eda por Mayra Martell\" class=\"displayed-image lazyload\"\/><\/div><\/div><div class=\"gridblock-element grid-animate-display-all isotope-displayed gridblock-element-id-4663 gridblock-element-order-17  gridblock-filterable filter-53\" data-portfolio=\"portfolio-4663\" data-id=\"id-18\"><div class=\"gridblock-grid-element gridblock-element-inner\" data-portfolioid=\"4663\"><div class=\"gridblock-background-hover\"><a  class=\"gridblock-sole-link\" href=\"https:\/\/mayramartell.com\/en\/proyectos\/anapra\/\"><div class=\"gridblock-links-wrap box-title-box-directlink\"><\/div><div class=\"boxtitle-hover\"><div class=\"work-details\"><div class=\"worktype-categories\">M\u00e9xico<\/div><h4>Anapra<\/h4><p class=\"entry-content work-description\"><\/p><\/div><\/div><\/a><\/div><img decoding=\"async\" src=\"https:\/\/mayramartell.com\/wp-content\/themes\/blacksilver\/images\/placeholders\/placeholder-770x550.gif\" data-src=\"https:\/\/mayramartell.com\/wp-content\/uploads\/2025\/04\/anapra-770x550.jpg\" alt=\"ANAPRA - Fotograf\u00eda por Mayra Martell\" class=\"displayed-image lazyload\"\/><\/div><\/div><div class=\"gridblock-element grid-animate-display-all isotope-displayed gridblock-element-id-4679 gridblock-element-order-18  gridblock-filterable filter-53\" data-portfolio=\"portfolio-4679\" data-id=\"id-19\"><div class=\"gridblock-grid-element gridblock-element-inner\" data-portfolioid=\"4679\"><div class=\"gridblock-background-hover\"><a  class=\"gridblock-sole-link\" href=\"https:\/\/mayramartell.com\/en\/proyectos\/laboratorios-audiovisuales-de-la-frontera\/\"><div class=\"gridblock-links-wrap box-title-box-directlink\"><\/div><div class=\"boxtitle-hover\"><div class=\"work-details\"><div class=\"worktype-categories\">M\u00e9xico<\/div><h4>Laboratorios audiovisuales de la frontera<\/h4><p class=\"entry-content work-description\"><\/p><\/div><\/div><\/a><\/div><img decoding=\"async\" src=\"https:\/\/mayramartell.com\/wp-content\/themes\/blacksilver\/images\/placeholders\/placeholder-770x550.gif\" data-src=\"https:\/\/mayramartell.com\/wp-content\/uploads\/2025\/04\/laboratorios-audiovisuales-de-la-frontera_00-770x550.jpg\" alt=\"Laboratorios Audiovisuales de la frontera - Fotograf\u00eda por Mayra Martell\" class=\"displayed-image lazyload\"\/><\/div><\/div><div class=\"gridblock-element grid-animate-display-all isotope-displayed gridblock-element-id-5088 gridblock-element-order-19  gridblock-filterable filter-54\" data-portfolio=\"portfolio-5088\" data-id=\"id-20\"><div class=\"gridblock-grid-element gridblock-element-inner\" data-portfolioid=\"5088\"><div class=\"gridblock-background-hover\"><a  class=\"gridblock-sole-link\" href=\"https:\/\/mayramartell.com\/en\/proyectos\/afrocuba\/\"><div class=\"gridblock-links-wrap box-title-box-directlink\"><\/div><div class=\"boxtitle-hover\"><div class=\"work-details\"><div class=\"worktype-categories\">Cuba<\/div><h4>Afrocuba<\/h4><p class=\"entry-content work-description\"><\/p><\/div><\/div><\/a><\/div><img decoding=\"async\" src=\"https:\/\/mayramartell.com\/wp-content\/themes\/blacksilver\/images\/placeholders\/placeholder-770x550.gif\" data-src=\"https:\/\/mayramartell.com\/wp-content\/uploads\/2025\/05\/afrocuba-770x550.jpg\" alt=\"Afrocuba - Fotograf\u00eda por Mayra Martell\" class=\"displayed-image lazyload\"\/><\/div><\/div><div class=\"gridblock-element grid-animate-display-all isotope-displayed gridblock-element-id-5267 gridblock-element-order-20  gridblock-filterable filter-53\" data-portfolio=\"portfolio-5267\" data-id=\"id-21\"><div class=\"gridblock-grid-element gridblock-element-inner\" data-portfolioid=\"5267\"><div class=\"gridblock-background-hover\"><a  class=\"gridblock-sole-link\" href=\"https:\/\/mayramartell.com\/en\/proyectos\/nacion-comcaac\/\"><div class=\"gridblock-links-wrap box-title-box-directlink\"><\/div><div class=\"boxtitle-hover\"><div class=\"work-details\"><div class=\"worktype-categories\">M\u00e9xico<\/div><h4>Nacio\u0301n Comcaac<\/h4><p class=\"entry-content work-description\"><\/p><\/div><\/div><\/a><\/div><img decoding=\"async\" src=\"https:\/\/mayramartell.com\/wp-content\/themes\/blacksilver\/images\/placeholders\/placeholder-770x550.gif\" data-src=\"https:\/\/mayramartell.com\/wp-content\/uploads\/2025\/05\/nacion-comcaac-27-770x550.jpg\" alt=\"Naci\u00f3n Comcaac - Fotograf\u00eda por Mayra Martell\" class=\"displayed-image lazyload\"\/><\/div><\/div><div class=\"gridblock-element grid-animate-display-all isotope-displayed gridblock-element-id-5383 gridblock-element-order-21  gridblock-filterable filter-50\" data-portfolio=\"portfolio-5383\" data-id=\"id-22\"><div class=\"gridblock-grid-element gridblock-element-inner\" data-portfolioid=\"5383\"><div class=\"gridblock-background-hover\"><a  class=\"gridblock-sole-link\" href=\"https:\/\/mayramartell.com\/en\/proyectos\/cerro-de-pasco\/\"><div class=\"gridblock-links-wrap box-title-box-directlink\"><\/div><div class=\"boxtitle-hover\"><div class=\"work-details\"><div class=\"worktype-categories\">Per\u00fa<\/div><h4>Cerro de Pasco<\/h4><p class=\"entry-content work-description\"><\/p><\/div><\/div><\/a><\/div><img decoding=\"async\" src=\"https:\/\/mayramartell.com\/wp-content\/themes\/blacksilver\/images\/placeholders\/placeholder-770x550.gif\" data-src=\"https:\/\/mayramartell.com\/wp-content\/uploads\/2025\/05\/peru-02-770x550.jpg\" alt=\"Cerro de Pasco - Fotograf\u00eda por Mayra Martell\" class=\"displayed-image lazyload\"\/><\/div><\/div><div class=\"gridblock-element grid-animate-display-all isotope-displayed gridblock-element-id-5471 gridblock-element-order-22  gridblock-filterable filter-57 filter-55 filter-56\" data-portfolio=\"portfolio-5471\" data-id=\"id-23\"><div class=\"gridblock-grid-element gridblock-element-inner\" data-portfolioid=\"5471\"><div class=\"gridblock-background-hover\"><a  class=\"gridblock-sole-link\" href=\"https:\/\/mayramartell.com\/en\/proyectos\/triple-frontera\/\"><div class=\"gridblock-links-wrap box-title-box-directlink\"><\/div><div class=\"boxtitle-hover\"><div class=\"work-details\"><div class=\"worktype-categories\">Argentina<\/div><h4>Triple Frontera<\/h4><p class=\"entry-content work-description\"><\/p><\/div><\/div><\/a><\/div><img decoding=\"async\" src=\"https:\/\/mayramartell.com\/wp-content\/themes\/blacksilver\/images\/placeholders\/placeholder-770x550.gif\" data-src=\"https:\/\/mayramartell.com\/wp-content\/uploads\/2025\/05\/triple-frontera-01-770x550.jpg\" alt=\"Triple Frontera - Fotograf\u00eda por Mayra Martell\" class=\"displayed-image lazyload\"\/><\/div><\/div><div class=\"gridblock-element grid-animate-display-all isotope-displayed gridblock-element-id-5437 gridblock-element-order-23  gridblock-filterable filter-49\" data-portfolio=\"portfolio-5437\" data-id=\"id-24\"><div class=\"gridblock-grid-element gridblock-element-inner\" data-portfolioid=\"5437\"><div class=\"gridblock-background-hover\"><a  class=\"gridblock-sole-link\" href=\"https:\/\/mayramartell.com\/en\/proyectos\/sahara\/\"><div class=\"gridblock-links-wrap box-title-box-directlink\"><\/div><div class=\"boxtitle-hover\"><div class=\"work-details\"><div class=\"worktype-categories\">\u00c1frica<\/div><h4>Sahara<\/h4><p class=\"entry-content work-description\"><\/p><\/div><\/div><\/a><\/div><img decoding=\"async\" src=\"https:\/\/mayramartell.com\/wp-content\/themes\/blacksilver\/images\/placeholders\/placeholder-770x550.gif\" data-src=\"https:\/\/mayramartell.com\/wp-content\/uploads\/2025\/05\/sahara-24-770x550.jpg\" alt=\"Sahara - Fotograf\u00eda por Mayra Martell\" class=\"displayed-image lazyload\"\/><\/div><\/div><div class=\"gridblock-element grid-animate-display-all isotope-displayed gridblock-element-id-5222 gridblock-element-order-24  gridblock-filterable filter-48\" data-portfolio=\"portfolio-5222\" data-id=\"id-25\"><div class=\"gridblock-grid-element gridblock-element-inner\" data-portfolioid=\"5222\"><div class=\"gridblock-background-hover\"><a  class=\"gridblock-sole-link\" href=\"https:\/\/mayramartell.com\/en\/proyectos\/falsos-positivos\/\"><div class=\"gridblock-links-wrap box-title-box-directlink\"><\/div><div class=\"boxtitle-hover\"><div class=\"work-details\"><div class=\"worktype-categories\">Colombia<\/div><h4>Falsos positivos<\/h4><p class=\"entry-content work-description\"><\/p><\/div><\/div><\/a><\/div><img decoding=\"async\" src=\"https:\/\/mayramartell.com\/wp-content\/themes\/blacksilver\/images\/placeholders\/placeholder-770x550.gif\" data-src=\"https:\/\/mayramartell.com\/wp-content\/uploads\/2025\/05\/falsos-positivos-10-770x550.jpg\" alt=\"Falsos positivos - Fotograf\u00eda por Mayra Martell\" class=\"displayed-image lazyload\"\/><\/div><\/div><div class=\"gridblock-element grid-animate-display-all isotope-displayed gridblock-element-id-5499 gridblock-element-order-25  gridblock-filterable filter-47\" data-portfolio=\"portfolio-5499\" data-id=\"id-26\"><div class=\"gridblock-grid-element gridblock-element-inner\" data-portfolioid=\"5499\"><div class=\"gridblock-background-hover\"><a  class=\"gridblock-sole-link\" href=\"https:\/\/mayramartell.com\/en\/proyectos\/venezuela\/\"><div class=\"gridblock-links-wrap box-title-box-directlink\"><\/div><div class=\"boxtitle-hover\"><div class=\"work-details\"><div class=\"worktype-categories\">Venezuela<\/div><h4>Petare<\/h4><p class=\"entry-content work-description\"><\/p><\/div><\/div><\/a><\/div><img decoding=\"async\" src=\"https:\/\/mayramartell.com\/wp-content\/themes\/blacksilver\/images\/placeholders\/placeholder-770x550.gif\" data-src=\"https:\/\/mayramartell.com\/wp-content\/uploads\/2025\/05\/venezuela-08-1-770x550.jpg\" alt=\"Venezuela - Fotograf\u00eda por Mayra Martell\" class=\"displayed-image lazyload\"\/><\/div><\/div><div class=\"gridblock-element grid-animate-display-all isotope-displayed gridblock-element-id-5195 gridblock-element-order-26  gridblock-filterable filter-53\" data-portfolio=\"portfolio-5195\" data-id=\"id-27\"><div class=\"gridblock-grid-element gridblock-element-inner\" data-portfolioid=\"5195\"><div class=\"gridblock-background-hover\"><a  class=\"gridblock-sole-link\" href=\"https:\/\/mayramartell.com\/en\/proyectos\/ficheras\/\"><div class=\"gridblock-links-wrap box-title-box-directlink\"><\/div><div class=\"boxtitle-hover\"><div class=\"work-details\"><div class=\"worktype-categories\">M\u00e9xico<\/div><h4>Ficheras<\/h4><p class=\"entry-content work-description\"><\/p><\/div><\/div><\/a><\/div><img decoding=\"async\" src=\"https:\/\/mayramartell.com\/wp-content\/themes\/blacksilver\/images\/placeholders\/placeholder-770x550.gif\" data-src=\"https:\/\/mayramartell.com\/wp-content\/uploads\/2025\/05\/ficheras-11-770x550.jpg\" alt=\"Ficheras - Proyectos Mayra Martell\" class=\"displayed-image lazyload\"\/><\/div><\/div><div class=\"gridblock-element grid-animate-display-all isotope-displayed gridblock-element-id-5317 gridblock-element-order-27  gridblock-filterable filter-51\" data-portfolio=\"portfolio-5317\" data-id=\"id-28\"><div class=\"gridblock-grid-element gridblock-element-inner\" data-portfolioid=\"5317\"><div class=\"gridblock-background-hover\"><a  class=\"gridblock-sole-link\" href=\"https:\/\/mayramartell.com\/en\/proyectos\/nueva-york\/\"><div class=\"gridblock-links-wrap box-title-box-directlink\"><\/div><div class=\"boxtitle-hover\"><div class=\"work-details\"><div class=\"worktype-categories\">Nueva York<\/div><h4>Quinta Avenida<\/h4><p class=\"entry-content work-description\"><\/p><\/div><\/div><\/a><\/div><img decoding=\"async\" src=\"https:\/\/mayramartell.com\/wp-content\/themes\/blacksilver\/images\/placeholders\/placeholder-770x550.gif\" data-src=\"https:\/\/mayramartell.com\/wp-content\/uploads\/2025\/05\/nueva-york-06-770x550.jpg\" alt=\"Nueva York - Quinta Avenida - Fotograf\u00eda por Mayra Martell\" class=\"displayed-image lazyload\"\/><\/div><\/div><\/div><\/div>\t\t\t\t<\/div>\n\t\t\t\t<\/div>\n\t\t\t\t<\/div>\n\t\t\t\t<\/div>","protected":false},"excerpt":{"rendered":"<p>Todos \u00c1frica Argentina Brasil CDMX Ciudad Ju\u00e1rez Colombia Cuba Nueva York Paraguay Per\u00fa Sinaloa Sonora Venezuela Videos Collective impact Lorem ipsum dolor sit amet, consectetur adipiscing elit. Suspendisse egestas accumsan. Ciudad Ju\u00e1rez Bordertown Fotograf\u00eda Bordertown Ciudad Ju\u00e1rez Lorem ipsum dolor sit amet, consectetur adipiscing elit. Suspendisse egestas accumsan. Fotograf\u00eda Bordertown Ciudad Ju\u00e1rez Lorem ipsum dolor sit amet, consectetur adipiscing elit. Suspendisse egestas accumsan. Ciudad Ju\u00e1rez Breaking down Ciudad Ju\u00e1rez Breaking down Dummies Ciudad Ju\u00e1rez Retratos Sinaloa Culichitown Sinaloa Chulada Sinaloa [&hellip;]<\/p>","protected":false},"author":1,"featured_media":0,"parent":0,"menu_order":0,"comment_status":"closed","ping_status":"closed","template":"","meta":{"footnotes":""},"aioseo_notices":[],"_links":{"self":[{"href":"https:\/\/mayramartell.com\/en\/wp-json\/wp\/v2\/pages\/5716"}],"collection":[{"href":"https:\/\/mayramartell.com\/en\/wp-json\/wp\/v2\/pages"}],"about":[{"href":"https:\/\/mayramartell.com\/en\/wp-json\/wp\/v2\/types\/page"}],"author":[{"embeddable":true,"href":"https:\/\/mayramartell.com\/en\/wp-json\/wp\/v2\/users\/1"}],"replies":[{"embeddable":true,"href":"https:\/\/mayramartell.com\/en\/wp-json\/wp\/v2\/comments?post=5716"}],"version-history":[{"count":10,"href":"https:\/\/mayramartell.com\/en\/wp-json\/wp\/v2\/pages\/5716\/revisions"}],"predecessor-version":[{"id":5733,"href":"https:\/\/mayramartell.com\/en\/wp-json\/wp\/v2\/pages\/5716\/revisions\/5733"}],"wp:attachment":[{"href":"https:\/\/mayramartell.com\/en\/wp-json\/wp\/v2\/media?parent=5716"}],"curies":[{"name":"wp","href":"https:\/\/api.w.org\/{rel}","templated":true}]}}